{"id":662,"date":"2024-12-06T03:20:14","date_gmt":"2024-12-06T03:20:14","guid":{"rendered":"https:\/\/cybelevarela.com\/solo\/"},"modified":"2025-02-18T12:20:45","modified_gmt":"2025-02-18T12:20:45","slug":"solo","status":"publish","type":"page","link":"https:\/\/cybelevarela.com\/pt-br\/solo\/","title":{"rendered":"Solo"},"content":{"rendered":"\t\t<div data-elementor-type=\"wp-page\" data-elementor-id=\"662\" class=\"elementor elementor-662 elementor-282\" data-elementor-post-type=\"page\">\n\t\t\t\t\t\t<section class=\"elementor-section elementor-top-section elementor-element elementor-element-cada6d4 elementor-section-boxed elementor-section-height-default elementor-section-height-default\" data-id=\"cada6d4\" data-element_type=\"section\" data-e-type=\"section\">\n\t\t\t\t\t\t<div class=\"elementor-container elementor-column-gap-default\">\n\t\t\t\t\t<div class=\"elementor-column elementor-col-100 elementor-top-column elementor-element elementor-element-49f9d40\" data-id=\"49f9d40\" data-element_type=\"column\" data-e-type=\"column\">\n\t\t\t<div class=\"elementor-widget-wrap elementor-element-populated\">\n\t\t\t\t\t\t<div class=\"elementor-element elementor-element-d3af42a elementor-icon-list--layout-inline elementor-list-item-link-full_width elementor-widget elementor-widget-icon-list\" data-id=\"d3af42a\" data-element_type=\"widget\" data-e-type=\"widget\" data-widget_type=\"icon-list.default\">\n\t\t\t\t\t\t\t<ul class=\"elementor-icon-list-items elementor-inline-items\">\n\t\t\t\t\t\t\t<li class=\"elementor-icon-list-item elementor-inline-item\">\n\t\t\t\t\t\t\t\t\t\t\t<a href=\"https:\/\/cybelevarela.com\/exhibitions\/\">\n\n\t\t\t\t\t\t\t\t\t\t\t<span class=\"elementor-icon-list-text\"> Overview<\/span>\n\t\t\t\t\t\t\t\t\t\t\t<\/a>\n\t\t\t\t\t\t\t\t\t<\/li>\n\t\t\t\t\t\t\t\t<li class=\"elementor-icon-list-item elementor-inline-item\">\n\t\t\t\t\t\t\t\t\t\t\t<a href=\"https:\/\/cybelevarela.com\/solo\/\">\n\n\t\t\t\t\t\t\t\t\t\t\t<span class=\"elementor-icon-list-text\"><span style=\"color: #ff6600\">Solo<\/span><\/span>\n\t\t\t\t\t\t\t\t\t\t\t<\/a>\n\t\t\t\t\t\t\t\t\t<\/li>\n\t\t\t\t\t\t\t\t<li class=\"elementor-icon-list-item elementor-inline-item\">\n\t\t\t\t\t\t\t\t\t\t\t<a href=\"https:\/\/cybelevarela.com\/group\/\">\n\n\t\t\t\t\t\t\t\t\t\t\t<span class=\"elementor-icon-list-text\">Group<\/span>\n\t\t\t\t\t\t\t\t\t\t\t<\/a>\n\t\t\t\t\t\t\t\t\t<\/li>\n\t\t\t\t\t\t<\/ul>\n\t\t\t\t\t\t<\/div>\n\t\t\t\t\t<\/div>\n\t\t<\/div>\n\t\t\t\t\t<\/div>\n\t\t<\/section>\n\t\t\t\t<section class=\"elementor-section elementor-top-section elementor-element elementor-element-d3a38a1 elementor-section-boxed elementor-section-height-default elementor-section-height-default\" data-id=\"d3a38a1\" data-element_type=\"section\" data-e-type=\"section\">\n\t\t\t\t\t\t<div class=\"elementor-container elementor-column-gap-default\">\n\t\t\t\t\t<div class=\"elementor-column elementor-col-100 elementor-top-column elementor-element elementor-element-ff61878\" data-id=\"ff61878\" data-element_type=\"column\" data-e-type=\"column\">\n\t\t\t<div class=\"elementor-widget-wrap elementor-element-populated\">\n\t\t\t\t\t\t<div class=\"elementor-element elementor-element-e803f58 elementor-widget elementor-widget-text-editor\" data-id=\"e803f58\" data-element_type=\"widget\" data-e-type=\"widget\" data-widget_type=\"text-editor.default\">\n\t\t\t\t\t\t\t\t\t<p><strong>Selected Solo Exhibitions<br \/><\/strong><\/p><p>2025<br \/>\u2022 Cyb\u00e8le Varela, \u00e9rase una vez, Ciutadella de Pamplona<\/p><p>2024<br \/>\u2022 Cyb\u00e8le Varela. Why Not?, Galeria Isabel Hurley, Malaga<\/p><p>2023<br \/>\u2022 Cyb\u00e8le Varela. Between Spaces, Setareh Gallery, Berlin<br \/>\u2022 Cyb\u00e8le Varela. Imaginarios Pop, Museu de Arte Contempor\u00e2nea de S\u00e3o Paulo<br \/>\u2022 Cyb\u00e8le Varela. Conex\u00e3o, Richard Taittinger Gallery, New York City<\/p><p>2022<br \/>\u2022 Los Modos de la Luz. Cyb\u00e8le Varela y Peppa Caballero, Galeria Isabel Hurley, Malaga<\/p><p>2018<br \/>\u2022 Cyb\u00e8le Varela. Tropicalismo Remixed, Funda\u00e7\u00e3o Brasilea Basilea, Sui\u00e7a<\/p><p>2013\/2014<br \/>\u2022 Espa\u00e7os Simult\u00e2neos, Museu de arte contempor\u00e2nea de Niter\u00f3i (MAC), Rio de Janeiro, Brasil<\/p><p>2008<br \/>\u2022 Ad Sidera per Athanasius Kircher, BNN, Palazzo Reale, N\u00e1poles, It\u00e1lia<br \/>\u2022 Ad Sidera per Athanasius Kircher, Sala Crociera, Collegio Romano, Roma, It\u00e1lia<\/p><p>2007<br \/>\u2022 Candido Portinari Gallery, Palazzo Pamphilj, Roma, It\u00e1lia<\/p><p>2005<br \/>\u2022 Museu de arte contempor\u00e2nea (MAC-USP), S\u00e3o Paulo, Brasil<\/p><p>2003<br \/>\u2022 Museu Nacional de Belas Artes (MNBA), Rio de Janeiro, Brasil<\/p><p>2001<br \/>\u2022 Demenga Gallery, Berlin, Alemanha<br \/>\u2022 Demenga Gallery, Basil\u00e9ia, Su\u00ed\u00e7a<\/p><p>1992<br \/>\u2022 Galeria Bonino, Rio de Janeiro, Brasil<br \/>\u2022 Galeria Zinzen, Bruxelas, B\u00e9lgica<br \/>\u2022 Museu Imperial, Petr\u00f3polis (RJ), Brasil<br \/>\u2022 Renato Magalh\u00e3es Gouv\u00eaa Escrit\u00f3rio de Arte, S\u00e3o Paulo, Brasil<\/p><p>1991<br \/>\u2022 Galeria Levy, Bourg-en-Bresse, Fran\u00e7a<\/p><p>1990<br \/>\u2022 Demenga Gallery, Basil\u00e9ia, Su\u00ed\u00e7a<br \/>\u2022 Clausen Art Gallery, Chicago, EUA<br \/>\u2022 T.C. Downtown Gallery, Grand Rapids (MI), EUA<\/p><p>1989<br \/>\u2022 Demenga Gallery, Riehen, Su\u00ed\u00e7a<\/p><p>1988<br \/>\u2022 Galeria Bonino, Rio de Janeiro, Brasil<\/p><p>1987<br \/>\u2022 Museum of Modern Art of Latin America (now Art Museum of the Americas), Washington DC, EUA<br \/>\u2022 Wallace Wentworth Gallery, Washington DC, EUA<\/p><p>1986<br \/>\u2022 Galeria Bonino, Rio de Janeiro, Brasil<br \/>\u2022 Demenga Gallery, Basil\u00e9ia, Su\u00ed\u00e7a<\/p><p>1985<br \/>\u2022 Galeria Focus, Lausanne, Su\u00ed\u00e7a<br \/>\u2022 Galeria Seta, S\u00e3o Paulo, Brasil<\/p><p>1984<br \/>\u2022 Galeria Bonino, Rio de Janeiro, Brasil<br \/>\u2022 Galeria Brechbuhl, Grenchen, Su\u00ed\u00e7a<\/p><p>1983<br \/>\u2022 Galeria Callart, Genebra, Su\u00ed\u00e7a<br \/>\u2022 Galeria Bonaparte, Mil\u00e3o, It\u00e1lia<\/p><p>1982<br \/>\u2022 Galeria Engelberts, Genebra, Su\u00ed\u00e7a<br \/>\u2022 CAYC \u2013 Centro de Arte e Comunica\u00e7\u00e3o, Buenos Aires, Argentina<\/p><p>1981<br \/>\u2022 FUNARTE \u2013 Sergio Millet Gallery, Rio de Janeiro, Brasil<\/p><p>1980<br \/>\u2022 Mus\u00e9e Cantonal des Beaux-arts, Lausanne, Su\u00ed\u00e7a<br \/>\u2022 Museu de arte contempor\u00e2nea (MAC-USP), S\u00e3o Paulo, Brasil<br \/>\u2022 Canon Photo Gallery, Genebra, Su\u00ed\u00e7a<\/p><p>1977<br \/>\u2022 Galeria Camille Renault, Paris, Fran\u00e7a<br \/>\u2022 Galeria Arte Global, S\u00e3o Paulo, Brasil<br \/>\u2022 Galeria Ipanema, Rio de Janeiro, Brasil<\/p><p>1976<br \/>\u2022 Canning House, Londres, UK<br \/>\u2022 Deutsch Amerikanische Institute, Frankfurt, Alemanha<\/p><p>1975<br \/>\u2022 Galeria Camille Renault, Paris, Fran\u00e7a<br \/>\u2022 Galeria Ibero-Americana, Bonn, Alemanha<br \/>\u2022 Galeria Bonino, Rio de Janeiro, Brasil<\/p><p>1974<br \/>\u2022 Galeria Liliane Fran\u00e7ois, Paris, Fran\u00e7a<\/p><p>1973<br \/>\u2022 Cit\u00e9 Internationale des Arts, Paris, Fran\u00e7a<\/p><p>1972<br \/>\u2022 Galeria Debret, Paris, Fran\u00e7a<\/p><p>1971<br \/>\u2022 Galeria Copacabana Palace, Rio de Janeiro, Brasil<\/p><p>1970<br \/>\u2022 ICBEU \u2013 Istituto Cultural Brasil-EUA, Belo Horizonte, Brasil<br \/>\u2022 Galeria Copacabana Palace, Rio de Janeiro, Brasil<\/p><p>1968<br \/>\u2022 Galeria Goeldi, Rio de Janeiro, Brasil<\/p><p>1966<br \/>\u2022 Museu Imperial, Petr\u00f3polis (RJ), Brasil<\/p><p>1962<br \/>\u2022 Hall Santa Isabel, Petr\u00f3polis (RJ), Brasil<\/p>\t\t\t\t\t\t\t\t<\/div>\n\t\t\t\t\t<\/div>\n\t\t<\/div>\n\t\t\t\t\t<\/div>\n\t\t<\/section>\n\t\t\t\t<\/div>\n\t\t","protected":false},"excerpt":{"rendered":"<p>Overview Solo Group Selected Solo Exhibitions 2025\u2022 Cyb\u00e8le Varela, \u00e9rase una vez, Ciutadella de Pamplona 2024\u2022 Cyb\u00e8le Varela. Why Not?, Galeria Isabel Hurley, Malaga 2023\u2022 Cyb\u00e8le Varela. Between Spaces, Setareh Gallery, Berlin\u2022 Cyb\u00e8le Varela. Imaginarios Pop, Museu de Arte Contempor\u00e2nea de S\u00e3o Paulo\u2022 Cyb\u00e8le Varela. Conex\u00e3o, Richard Taittinger Gallery, New York City 2022\u2022 Los Modos [&hellip;]<\/p>\n","protected":false},"author":1,"featured_media":0,"parent":0,"menu_order":0,"comment_status":"closed","ping_status":"closed","template":"elementor_header_footer","meta":{"footnotes":""},"class_list":["post-662","page","type-page","status-publish","hentry"],"_links":{"self":[{"href":"https:\/\/cybelevarela.com\/pt-br\/wp-json\/wp\/v2\/pages\/662","targetHints":{"allow":["GET"]}}],"collection":[{"href":"https:\/\/cybelevarela.com\/pt-br\/wp-json\/wp\/v2\/pages"}],"about":[{"href":"https:\/\/cybelevarela.com\/pt-br\/wp-json\/wp\/v2\/types\/page"}],"author":[{"embeddable":true,"href":"https:\/\/cybelevarela.com\/pt-br\/wp-json\/wp\/v2\/users\/1"}],"replies":[{"embeddable":true,"href":"https:\/\/cybelevarela.com\/pt-br\/wp-json\/wp\/v2\/comments?post=662"}],"version-history":[{"count":3,"href":"https:\/\/cybelevarela.com\/pt-br\/wp-json\/wp\/v2\/pages\/662\/revisions"}],"predecessor-version":[{"id":975,"href":"https:\/\/cybelevarela.com\/pt-br\/wp-json\/wp\/v2\/pages\/662\/revisions\/975"}],"wp:attachment":[{"href":"https:\/\/cybelevarela.com\/pt-br\/wp-json\/wp\/v2\/media?parent=662"}],"curies":[{"name":"wp","href":"https:\/\/api.w.org\/{rel}","templated":true}]}}