{"id":621,"date":"2024-12-06T05:45:31","date_gmt":"2024-12-06T05:45:31","guid":{"rendered":"https:\/\/cybelevarela.com\/decada-de-1990\/"},"modified":"2025-02-21T13:58:31","modified_gmt":"2025-02-21T13:58:31","slug":"decada-de-1990","status":"publish","type":"page","link":"https:\/\/cybelevarela.com\/pt-br\/decada-de-1990\/","title":{"rendered":"D\u00c9CADA DE 1990"},"content":{"rendered":"\t\t<div data-elementor-type=\"wp-page\" data-elementor-id=\"621\" class=\"elementor elementor-621 elementor-530\" data-elementor-post-type=\"page\">\n\t\t\t\t\t\t<section class=\"elementor-section elementor-top-section elementor-element elementor-element-240f8fe elementor-section-boxed elementor-section-height-default elementor-section-height-default\" data-id=\"240f8fe\" data-element_type=\"section\" data-e-type=\"section\">\n\t\t\t\t\t\t<div class=\"elementor-container elementor-column-gap-default\">\n\t\t\t\t\t<div class=\"elementor-column elementor-col-50 elementor-top-column elementor-element elementor-element-aabbb0a\" data-id=\"aabbb0a\" data-element_type=\"column\" data-e-type=\"column\">\n\t\t\t<div class=\"elementor-widget-wrap elementor-element-populated\">\n\t\t\t\t\t\t<div class=\"elementor-element elementor-element-b4f8c67 elementor-nav-menu__align-start elementor-nav-menu--dropdown-tablet elementor-nav-menu__text-align-aside elementor-nav-menu--toggle elementor-nav-menu--burger elementor-widget elementor-widget-nav-menu\" data-id=\"b4f8c67\" data-element_type=\"widget\" data-e-type=\"widget\" data-settings=\"{&quot;layout&quot;:&quot;vertical&quot;,&quot;submenu_icon&quot;:{&quot;value&quot;:&quot;&lt;i class=\\&quot;fas fa-caret-down\\&quot;&gt;&lt;\\\/i&gt;&quot;,&quot;library&quot;:&quot;fa-solid&quot;},&quot;toggle&quot;:&quot;burger&quot;}\" data-widget_type=\"nav-menu.default\">\n\t\t\t\t\t\t\t\t<nav aria-label=\"Men\u00fa\" class=\"elementor-nav-menu--main elementor-nav-menu__container elementor-nav-menu--layout-vertical e--pointer-none\">\n\t\t\t\t<ul id=\"menu-1-b4f8c67\" class=\"elementor-nav-menu sm-vertical\"><li class=\"menu-item menu-item-type-custom menu-item-object-custom menu-item-670\"><a href=\"\/pt-br\/works\/\" class=\"elementor-item\">DECADE 2010<\/a><\/li>\n<li class=\"menu-item menu-item-type-post_type menu-item-object-page menu-item-671\"><a href=\"https:\/\/cybelevarela.com\/pt-br\/decada-2000\/\" class=\"elementor-item\">D\u00c9CADA 2000<\/a><\/li>\n<li class=\"menu-item menu-item-type-custom menu-item-object-custom menu-item-672\"><a href=\"\/pt-br\/decade-1990\" class=\"elementor-item\">DECADE 1990<\/a><\/li>\n<li class=\"menu-item menu-item-type-custom menu-item-object-custom menu-item-673\"><a href=\"\/pt-br\/decade-1980\/\" class=\"elementor-item\">DECADE 1980<\/a><\/li>\n<li class=\"menu-item menu-item-type-custom menu-item-object-custom menu-item-674\"><a href=\"\/pt-br\/decade-1970\/\" class=\"elementor-item\">DECADE 1970<\/a><\/li>\n<li class=\"menu-item menu-item-type-custom menu-item-object-custom menu-item-675\"><a href=\"\/pt-br\/decade-1960\/\" class=\"elementor-item\">DECADE 1960<\/a><\/li>\n<li class=\"menu-item menu-item-type-custom menu-item-object-custom menu-item-676\"><a href=\"\/pt-br\/videos\/\" class=\"elementor-item\">VIDEOS<\/a><\/li>\n<li class=\"menu-item menu-item-type-custom menu-item-object-custom menu-item-677\"><a href=\"\/pt-br\/objects\/\" class=\"elementor-item\">OBJECTS<\/a><\/li>\n<\/ul>\t\t\t<\/nav>\n\t\t\t\t\t<div class=\"elementor-menu-toggle\" role=\"button\" tabindex=\"0\" aria-label=\"Alternar menu\" aria-expanded=\"false\">\n\t\t\t<i aria-hidden=\"true\" role=\"presentation\" class=\"elementor-menu-toggle__icon--open eicon-menu-bar\"><\/i><i aria-hidden=\"true\" role=\"presentation\" class=\"elementor-menu-toggle__icon--close eicon-close\"><\/i>\t\t<\/div>\n\t\t\t\t\t<nav class=\"elementor-nav-menu--dropdown elementor-nav-menu__container\" aria-hidden=\"true\">\n\t\t\t\t<ul id=\"menu-2-b4f8c67\" class=\"elementor-nav-menu sm-vertical\"><li class=\"menu-item menu-item-type-custom menu-item-object-custom menu-item-670\"><a href=\"\/pt-br\/works\/\" class=\"elementor-item\" tabindex=\"-1\">DECADE 2010<\/a><\/li>\n<li class=\"menu-item menu-item-type-post_type menu-item-object-page menu-item-671\"><a href=\"https:\/\/cybelevarela.com\/pt-br\/decada-2000\/\" class=\"elementor-item\" tabindex=\"-1\">D\u00c9CADA 2000<\/a><\/li>\n<li class=\"menu-item menu-item-type-custom menu-item-object-custom menu-item-672\"><a href=\"\/pt-br\/decade-1990\" class=\"elementor-item\" tabindex=\"-1\">DECADE 1990<\/a><\/li>\n<li class=\"menu-item menu-item-type-custom menu-item-object-custom menu-item-673\"><a href=\"\/pt-br\/decade-1980\/\" class=\"elementor-item\" tabindex=\"-1\">DECADE 1980<\/a><\/li>\n<li class=\"menu-item menu-item-type-custom menu-item-object-custom menu-item-674\"><a href=\"\/pt-br\/decade-1970\/\" class=\"elementor-item\" tabindex=\"-1\">DECADE 1970<\/a><\/li>\n<li class=\"menu-item menu-item-type-custom menu-item-object-custom menu-item-675\"><a href=\"\/pt-br\/decade-1960\/\" class=\"elementor-item\" tabindex=\"-1\">DECADE 1960<\/a><\/li>\n<li class=\"menu-item menu-item-type-custom menu-item-object-custom menu-item-676\"><a href=\"\/pt-br\/videos\/\" class=\"elementor-item\" tabindex=\"-1\">VIDEOS<\/a><\/li>\n<li class=\"menu-item menu-item-type-custom menu-item-object-custom menu-item-677\"><a href=\"\/pt-br\/objects\/\" class=\"elementor-item\" tabindex=\"-1\">OBJECTS<\/a><\/li>\n<\/ul>\t\t\t<\/nav>\n\t\t\t\t\t\t<\/div>\n\t\t\t\t\t<\/div>\n\t\t<\/div>\n\t\t\t\t<div class=\"elementor-column elementor-col-50 elementor-top-column elementor-element elementor-element-3e25d04\" data-id=\"3e25d04\" data-element_type=\"column\" data-e-type=\"column\">\n\t\t\t<div class=\"elementor-widget-wrap elementor-element-populated\">\n\t\t\t\t\t\t<div class=\"elementor-element elementor-element-606d2bd elementor-widget elementor-widget-text-editor\" data-id=\"606d2bd\" data-element_type=\"widget\" data-e-type=\"widget\" data-widget_type=\"text-editor.default\">\n\t\t\t\t\t\t\t\t\t<div class=\"et_pb_module et_pb_text et_pb_text_1 et_pb_text_align_left et_pb_bg_layout_light\">\n<div class=\"et_pb_text_inner\">\n<p><strong>FOTOS DE PINTURAS  <\/strong><\/p>\n<\/div>\n<\/div>\n<div class=\"et_pb_module et_pb_text et_pb_text_2 et_pb_text_align_left et_pb_bg_layout_light\">\n<div class=\"et_pb_text_inner\">\n<h1><strong>D\u00c9CADA DE 1990<\/strong><\/h1>\n<\/div>\n<\/div>\n\t\t\t\t\t\t\t\t<\/div>\n\t\t\t\t<div class=\"elementor-element elementor-element-027a8ab elementor-widget elementor-widget-text-editor\" data-id=\"027a8ab\" data-element_type=\"widget\" data-e-type=\"widget\" data-widget_type=\"text-editor.default\">\n\t\t\t\t\t\t\t\t\t<div class=\"et_pb_module et_pb_text et_pb_text_1 et_pb_text_align_left et_pb_bg_layout_light\">\n<div class=\"et_pb_text_inner\">\n<p><strong>ERA UMA VEZ<\/strong><\/p>\n<p>Uma fase cujos motivos eram proje\u00e7\u00f5es pertencentes a um passado, \u00e0s vezes distante e voltado para a inf\u00e2ncia, ao mesmo tempo em que questionava de forma l\u00fadica a posi\u00e7\u00e3o da mulher como artista.<\/p>\n<p><strong>PINTURAS<\/strong><\/p>\n<\/div>\n<\/div>\n\t\t\t\t\t\t\t\t<\/div>\n\t\t\t\t<div class=\"elementor-element elementor-element-78353e3 elementor-widget elementor-widget-gallery\" data-id=\"78353e3\" data-element_type=\"widget\" data-e-type=\"widget\" data-settings=\"{&quot;gap&quot;:{&quot;unit&quot;:&quot;px&quot;,&quot;size&quot;:6,&quot;sizes&quot;:[]},&quot;aspect_ratio&quot;:&quot;1:1&quot;,&quot;overlay_title&quot;:&quot;title&quot;,&quot;overlay_description&quot;:&quot;caption&quot;,&quot;lazyload&quot;:&quot;yes&quot;,&quot;gallery_layout&quot;:&quot;grid&quot;,&quot;columns&quot;:4,&quot;columns_tablet&quot;:2,&quot;columns_mobile&quot;:1,&quot;gap_tablet&quot;:{&quot;unit&quot;:&quot;px&quot;,&quot;size&quot;:10,&quot;sizes&quot;:[]},&quot;gap_mobile&quot;:{&quot;unit&quot;:&quot;px&quot;,&quot;size&quot;:10,&quot;sizes&quot;:[]},&quot;link_to&quot;:&quot;file&quot;,&quot;overlay_background&quot;:&quot;yes&quot;,&quot;content_hover_animation&quot;:&quot;fade-in&quot;}\" data-widget_type=\"gallery.default\">\n\t\t\t\t\t\t\t<div class=\"elementor-gallery__container\">\n\t\t\t\t\t\t\t<a class=\"e-gallery-item elementor-gallery-item elementor-animated-content\" href=\"https:\/\/cybelevarela.com\/wp-content\/uploads\/2024\/12\/1990-22.jpg\" data-elementor-open-lightbox=\"yes\" data-elementor-lightbox-slideshow=\"78353e3\" data-elementor-lightbox-title=\"The Artist 2, 1999\" data-e-action-hash=\"#elementor-action%3Aaction%3Dlightbox%26settings%3DeyJpZCI6NTQ1LCJ1cmwiOiJodHRwczpcL1wvY3liZWxldmFyZWxhLmNvbVwvd3AtY29udGVudFwvdXBsb2Fkc1wvMjAyNFwvMTJcLzE5OTAtMjIuanBnIiwic2xpZGVzaG93IjoiNzgzNTNlMyJ9\">\n\t\t\t\t\t<div class=\"e-gallery-image elementor-gallery-item__image\" data-thumbnail=\"https:\/\/cybelevarela.com\/wp-content\/uploads\/2024\/12\/1990-22.jpg\" data-width=\"419\" data-height=\"700\" aria-label=\"\" role=\"img\" ><\/div>\n\t\t\t\t\t\t\t\t\t\t\t<div class=\"elementor-gallery-item__overlay\"><\/div>\n\t\t\t\t\t\t\t\t\t\t\t\t\t\t\t<div class=\"elementor-gallery-item__content\">\n\t\t\t\t\t\t\t\t\t\t\t\t\t\t<div class=\"elementor-gallery-item__title\">\n\t\t\t\t\t\t\t\t\t\t\t\t\t\t\t\t\t\tThe Artist 2, 1999\t\t\t\t\t\t\t\t<\/div>\n\t\t\t\t\t\t\t\t\t\t\t\t\t\t\t<div class=\"elementor-gallery-item__description\">\n\t\t\t\t\t\t\t\t\t\t\t\t\t\t\t\t\t\tacrylic and industrial paint on canvas cm 292x114\t\t\t\t\t\t\t\t<\/div>\n\t\t\t\t\t\t\t\t\t\t\t\t<\/div>\n\t\t\t\t\t\t\t\t\t<\/a>\n\t\t\t\t\t\t\t<a class=\"e-gallery-item elementor-gallery-item elementor-animated-content\" href=\"https:\/\/cybelevarela.com\/wp-content\/uploads\/2024\/12\/1990-33.jpg\" data-elementor-open-lightbox=\"yes\" data-elementor-lightbox-slideshow=\"78353e3\" data-elementor-lightbox-title=\"Once upon a time, 1999 acrylic and industrial\" data-e-action-hash=\"#elementor-action%3Aaction%3Dlightbox%26settings%3DeyJpZCI6NTQ0LCJ1cmwiOiJodHRwczpcL1wvY3liZWxldmFyZWxhLmNvbVwvd3AtY29udGVudFwvdXBsb2Fkc1wvMjAyNFwvMTJcLzE5OTAtMzMuanBnIiwic2xpZGVzaG93IjoiNzgzNTNlMyJ9\">\n\t\t\t\t\t<div class=\"e-gallery-image elementor-gallery-item__image\" data-thumbnail=\"https:\/\/cybelevarela.com\/wp-content\/uploads\/2024\/12\/1990-33.jpg\" data-width=\"448\" data-height=\"700\" aria-label=\"\" role=\"img\" ><\/div>\n\t\t\t\t\t\t\t\t\t\t\t<div class=\"elementor-gallery-item__overlay\"><\/div>\n\t\t\t\t\t\t\t\t\t\t\t\t\t\t\t<div class=\"elementor-gallery-item__content\">\n\t\t\t\t\t\t\t\t\t\t\t\t\t\t<div class=\"elementor-gallery-item__title\">\n\t\t\t\t\t\t\t\t\t\t\t\t\t\t\t\t\t\tOnce upon a time, 1999 acrylic and industrial\t\t\t\t\t\t\t\t<\/div>\n\t\t\t\t\t\t\t\t\t\t\t\t\t\t\t<div class=\"elementor-gallery-item__description\">\n\t\t\t\t\t\t\t\t\t\t\t\t\t\t\t\t\t\tacrylic and industrial paint on canvas\t\t\t\t\t\t\t\t<\/div>\n\t\t\t\t\t\t\t\t\t\t\t\t<\/div>\n\t\t\t\t\t\t\t\t\t<\/a>\n\t\t\t\t\t\t\t<a class=\"e-gallery-item elementor-gallery-item elementor-animated-content\" href=\"https:\/\/cybelevarela.com\/wp-content\/uploads\/2024\/12\/1990-21.jpg\" data-elementor-open-lightbox=\"yes\" data-elementor-lightbox-slideshow=\"78353e3\" data-elementor-lightbox-title=\"The Artist 1, 1999\" data-e-action-hash=\"#elementor-action%3Aaction%3Dlightbox%26settings%3DeyJpZCI6NTQzLCJ1cmwiOiJodHRwczpcL1wvY3liZWxldmFyZWxhLmNvbVwvd3AtY29udGVudFwvdXBsb2Fkc1wvMjAyNFwvMTJcLzE5OTAtMjEuanBnIiwic2xpZGVzaG93IjoiNzgzNTNlMyJ9\">\n\t\t\t\t\t<div class=\"e-gallery-image elementor-gallery-item__image\" data-thumbnail=\"https:\/\/cybelevarela.com\/wp-content\/uploads\/2024\/12\/1990-21.jpg\" data-width=\"266\" data-height=\"700\" aria-label=\"\" role=\"img\" ><\/div>\n\t\t\t\t\t\t\t\t\t\t\t<div class=\"elementor-gallery-item__overlay\"><\/div>\n\t\t\t\t\t\t\t\t\t\t\t\t\t\t\t<div class=\"elementor-gallery-item__content\">\n\t\t\t\t\t\t\t\t\t\t\t\t\t\t<div class=\"elementor-gallery-item__title\">\n\t\t\t\t\t\t\t\t\t\t\t\t\t\t\t\t\t\tThe Artist 1, 1999\t\t\t\t\t\t\t\t<\/div>\n\t\t\t\t\t\t\t\t\t\t\t\t\t\t\t<div class=\"elementor-gallery-item__description\">\n\t\t\t\t\t\t\t\t\t\t\t\t\t\t\t\t\t\tacrylic and industrial paint on canvas cm\n292x114\t\t\t\t\t\t\t\t<\/div>\n\t\t\t\t\t\t\t\t\t\t\t\t<\/div>\n\t\t\t\t\t\t\t\t\t<\/a>\n\t\t\t\t\t\t\t<a class=\"e-gallery-item elementor-gallery-item elementor-animated-content\" href=\"https:\/\/cybelevarela.com\/wp-content\/uploads\/2024\/12\/1990-41.jpg\" data-elementor-open-lightbox=\"yes\" data-elementor-lightbox-slideshow=\"78353e3\" data-elementor-lightbox-title=\"The newly-wed and the sunflowers, 1999\" data-e-action-hash=\"#elementor-action%3Aaction%3Dlightbox%26settings%3DeyJpZCI6NTQyLCJ1cmwiOiJodHRwczpcL1wvY3liZWxldmFyZWxhLmNvbVwvd3AtY29udGVudFwvdXBsb2Fkc1wvMjAyNFwvMTJcLzE5OTAtNDEuanBnIiwic2xpZGVzaG93IjoiNzgzNTNlMyJ9\">\n\t\t\t\t\t<div class=\"e-gallery-image elementor-gallery-item__image\" data-thumbnail=\"https:\/\/cybelevarela.com\/wp-content\/uploads\/2024\/12\/1990-41.jpg\" data-width=\"557\" data-height=\"650\" aria-label=\"\" role=\"img\" ><\/div>\n\t\t\t\t\t\t\t\t\t\t\t<div class=\"elementor-gallery-item__overlay\"><\/div>\n\t\t\t\t\t\t\t\t\t\t\t\t\t\t\t<div class=\"elementor-gallery-item__content\">\n\t\t\t\t\t\t\t\t\t\t\t\t\t\t<div class=\"elementor-gallery-item__title\">\n\t\t\t\t\t\t\t\t\t\t\t\t\t\t\t\t\t\tThe newly-wed and the sunflowers, 1999\t\t\t\t\t\t\t\t<\/div>\n\t\t\t\t\t\t\t\t\t\t\t\t\t\t\t<div class=\"elementor-gallery-item__description\">\n\t\t\t\t\t\t\t\t\t\t\t\t\t\t\t\t\t\tacrylic and lacquer on canvas cm 280x150\t\t\t\t\t\t\t\t<\/div>\n\t\t\t\t\t\t\t\t\t\t\t\t<\/div>\n\t\t\t\t\t\t\t\t\t<\/a>\n\t\t\t\t\t\t\t<a class=\"e-gallery-item elementor-gallery-item elementor-animated-content\" href=\"https:\/\/cybelevarela.com\/wp-content\/uploads\/2024\/12\/1990-40.jpg\" data-elementor-open-lightbox=\"yes\" data-elementor-lightbox-slideshow=\"78353e3\" data-elementor-lightbox-title=\"Fresco painting, 1998\" data-e-action-hash=\"#elementor-action%3Aaction%3Dlightbox%26settings%3DeyJpZCI6NTQxLCJ1cmwiOiJodHRwczpcL1wvY3liZWxldmFyZWxhLmNvbVwvd3AtY29udGVudFwvdXBsb2Fkc1wvMjAyNFwvMTJcLzE5OTAtNDAuanBnIiwic2xpZGVzaG93IjoiNzgzNTNlMyJ9\">\n\t\t\t\t\t<div class=\"e-gallery-image elementor-gallery-item__image\" data-thumbnail=\"https:\/\/cybelevarela.com\/wp-content\/uploads\/2024\/12\/1990-40.jpg\" data-width=\"828\" data-height=\"710\" aria-label=\"\" role=\"img\" ><\/div>\n\t\t\t\t\t\t\t\t\t\t\t<div class=\"elementor-gallery-item__overlay\"><\/div>\n\t\t\t\t\t\t\t\t\t\t\t\t\t\t\t<div class=\"elementor-gallery-item__content\">\n\t\t\t\t\t\t\t\t\t\t\t\t\t\t<div class=\"elementor-gallery-item__title\">\n\t\t\t\t\t\t\t\t\t\t\t\t\t\t\t\t\t\tFresco painting, 1998\t\t\t\t\t\t\t\t<\/div>\n\t\t\t\t\t\t\t\t\t\t\t\t\t\t\t<div class=\"elementor-gallery-item__description\">\n\t\t\t\t\t\t\t\t\t\t\t\t\t\t\t\t\t\tacrylic and lacquer on canvas cm 120x140\t\t\t\t\t\t\t\t<\/div>\n\t\t\t\t\t\t\t\t\t\t\t\t<\/div>\n\t\t\t\t\t\t\t\t\t<\/a>\n\t\t\t\t\t<\/div>\n\t\t\t\t\t<\/div>\n\t\t\t\t<div class=\"elementor-element elementor-element-df26b34 elementor-widget elementor-widget-text-editor\" data-id=\"df26b34\" data-element_type=\"widget\" data-e-type=\"widget\" data-widget_type=\"text-editor.default\">\n\t\t\t\t\t\t\t\t\t<div class=\"et_pb_module et_pb_text et_pb_text_1 et_pb_text_align_left et_pb_bg_layout_light\">\n<div class=\"et_pb_text_inner\">\n<p><strong>FOTOGRAFIAS<\/strong><\/p>\n<\/div>\n<\/div>\n\t\t\t\t\t\t\t\t<\/div>\n\t\t\t\t<div class=\"elementor-element elementor-element-b34c6c2 elementor-widget elementor-widget-gallery\" data-id=\"b34c6c2\" data-element_type=\"widget\" data-e-type=\"widget\" data-settings=\"{&quot;gap&quot;:{&quot;unit&quot;:&quot;px&quot;,&quot;size&quot;:6,&quot;sizes&quot;:[]},&quot;aspect_ratio&quot;:&quot;1:1&quot;,&quot;overlay_title&quot;:&quot;title&quot;,&quot;overlay_description&quot;:&quot;caption&quot;,&quot;lazyload&quot;:&quot;yes&quot;,&quot;gallery_layout&quot;:&quot;grid&quot;,&quot;columns&quot;:4,&quot;columns_tablet&quot;:2,&quot;columns_mobile&quot;:1,&quot;gap_tablet&quot;:{&quot;unit&quot;:&quot;px&quot;,&quot;size&quot;:10,&quot;sizes&quot;:[]},&quot;gap_mobile&quot;:{&quot;unit&quot;:&quot;px&quot;,&quot;size&quot;:10,&quot;sizes&quot;:[]},&quot;link_to&quot;:&quot;file&quot;,&quot;overlay_background&quot;:&quot;yes&quot;,&quot;content_hover_animation&quot;:&quot;fade-in&quot;}\" data-widget_type=\"gallery.default\">\n\t\t\t\t\t\t\t<div class=\"elementor-gallery__container\">\n\t\t\t\t\t\t\t<a class=\"e-gallery-item elementor-gallery-item elementor-animated-content\" href=\"https:\/\/cybelevarela.com\/wp-content\/uploads\/2024\/12\/1990-35.jpg\" data-elementor-open-lightbox=\"yes\" data-elementor-lightbox-slideshow=\"b34c6c2\" data-elementor-lightbox-title=\"Once upon a time 4, 1998\" data-e-action-hash=\"#elementor-action%3Aaction%3Dlightbox%26settings%3DeyJpZCI6NTM1LCJ1cmwiOiJodHRwczpcL1wvY3liZWxldmFyZWxhLmNvbVwvd3AtY29udGVudFwvdXBsb2Fkc1wvMjAyNFwvMTJcLzE5OTAtMzUuanBnIiwic2xpZGVzaG93IjoiYjM0YzZjMiJ9\">\n\t\t\t\t\t<div class=\"e-gallery-image elementor-gallery-item__image\" data-thumbnail=\"https:\/\/cybelevarela.com\/wp-content\/uploads\/2024\/12\/1990-35.jpg\" data-width=\"836\" data-height=\"550\" aria-label=\"\" role=\"img\" ><\/div>\n\t\t\t\t\t\t\t\t\t\t\t<div class=\"elementor-gallery-item__overlay\"><\/div>\n\t\t\t\t\t\t\t\t\t\t\t\t\t\t\t<div class=\"elementor-gallery-item__content\">\n\t\t\t\t\t\t\t\t\t\t\t\t\t\t<div class=\"elementor-gallery-item__title\">\n\t\t\t\t\t\t\t\t\t\t\t\t\t\t\t\t\t\tOnce upon a time 4, 1998\t\t\t\t\t\t\t\t<\/div>\n\t\t\t\t\t\t\t\t\t\t\t\t\t\t\t<div class=\"elementor-gallery-item__description\">\n\t\t\t\t\t\t\t\t\t\t\t\t\t\t\t\t\t\tphotography cm 15x10\t\t\t\t\t\t\t\t<\/div>\n\t\t\t\t\t\t\t\t\t\t\t\t<\/div>\n\t\t\t\t\t\t\t\t\t<\/a>\n\t\t\t\t\t<\/div>\n\t\t\t\t\t<\/div>\n\t\t\t\t<div class=\"elementor-element elementor-element-ec9aa45 elementor-widget elementor-widget-text-editor\" data-id=\"ec9aa45\" data-element_type=\"widget\" data-e-type=\"widget\" data-widget_type=\"text-editor.default\">\n\t\t\t\t\t\t\t\t\t<div class=\"et_pb_module et_pb_text et_pb_text_1 et_pb_text_align_left et_pb_bg_layout_light\">\n<div class=\"et_pb_text_inner\">\n<p><strong>JARDINS DO MUSEU IMPERIAL<\/strong><\/p>\n<p>Isso foi para inaugurar a &#8220;Plataforma de Arte&#8221; criada em Petr\u00f3polis em 1992, no Museu Imperial, que foi a resid\u00eancia do imperador brasileiro, Pedro II. Nasci em Petr\u00f3polis, portanto essas obras est\u00e3o impregnadas de lembran\u00e7as de minha inf\u00e2ncia, quando eu brincava nos jardins do Museu. Os bancos vermelhos s\u00e3o um dos elementos mais caracter\u00edsticos do jardim.  <\/p>\n<\/p>\n<div class=\"n2-has-copy n2-code n2-ss-slider-shortcode-id\"><strong>PINTURAS<\/strong><\/div>\n<\/div>\n<\/div>\n\t\t\t\t\t\t\t\t<\/div>\n\t\t\t\t<div class=\"elementor-element elementor-element-1bc090f elementor-widget elementor-widget-gallery\" data-id=\"1bc090f\" data-element_type=\"widget\" data-e-type=\"widget\" data-settings=\"{&quot;gap&quot;:{&quot;unit&quot;:&quot;px&quot;,&quot;size&quot;:6,&quot;sizes&quot;:[]},&quot;aspect_ratio&quot;:&quot;1:1&quot;,&quot;overlay_title&quot;:&quot;title&quot;,&quot;overlay_description&quot;:&quot;caption&quot;,&quot;lazyload&quot;:&quot;yes&quot;,&quot;gallery_layout&quot;:&quot;grid&quot;,&quot;columns&quot;:4,&quot;columns_tablet&quot;:2,&quot;columns_mobile&quot;:1,&quot;gap_tablet&quot;:{&quot;unit&quot;:&quot;px&quot;,&quot;size&quot;:10,&quot;sizes&quot;:[]},&quot;gap_mobile&quot;:{&quot;unit&quot;:&quot;px&quot;,&quot;size&quot;:10,&quot;sizes&quot;:[]},&quot;link_to&quot;:&quot;file&quot;,&quot;overlay_background&quot;:&quot;yes&quot;,&quot;content_hover_animation&quot;:&quot;fade-in&quot;}\" data-widget_type=\"gallery.default\">\n\t\t\t\t\t\t\t<div class=\"elementor-gallery__container\">\n\t\t\t\t\t\t\t<a class=\"e-gallery-item elementor-gallery-item elementor-animated-content\" href=\"https:\/\/cybelevarela.com\/wp-content\/uploads\/2024\/12\/1990-44.jpg\" data-elementor-open-lightbox=\"yes\" data-elementor-lightbox-slideshow=\"1bc090f\" data-elementor-lightbox-title=\"The Way, 1990\" data-e-action-hash=\"#elementor-action%3Aaction%3Dlightbox%26settings%3DeyJpZCI6NTUwLCJ1cmwiOiJodHRwczpcL1wvY3liZWxldmFyZWxhLmNvbVwvd3AtY29udGVudFwvdXBsb2Fkc1wvMjAyNFwvMTJcLzE5OTAtNDQuanBnIiwic2xpZGVzaG93IjoiMWJjMDkwZiJ9\">\n\t\t\t\t\t<div class=\"e-gallery-image elementor-gallery-item__image\" data-thumbnail=\"https:\/\/cybelevarela.com\/wp-content\/uploads\/2024\/12\/1990-44.jpg\" data-width=\"806\" data-height=\"650\" aria-label=\"The Way, 1990\" role=\"img\" ><\/div>\n\t\t\t\t\t\t\t\t\t\t\t<div class=\"elementor-gallery-item__overlay\"><\/div>\n\t\t\t\t\t\t\t\t\t\t\t\t\t\t\t<div class=\"elementor-gallery-item__content\">\n\t\t\t\t\t\t\t\t\t\t\t\t\t\t<div class=\"elementor-gallery-item__title\">\n\t\t\t\t\t\t\t\t\t\t\t\t\t\t\t\t\t\tThe Way, 1990\t\t\t\t\t\t\t\t<\/div>\n\t\t\t\t\t\t\t\t\t\t\t\t\t\t\t<div class=\"elementor-gallery-item__description\">\n\t\t\t\t\t\t\t\t\t\t\t\t\t\t\t\t\t\toil on canvas cm 81x100\t\t\t\t\t\t\t\t<\/div>\n\t\t\t\t\t\t\t\t\t\t\t\t<\/div>\n\t\t\t\t\t\t\t\t\t<\/a>\n\t\t\t\t\t\t\t<a class=\"e-gallery-item elementor-gallery-item elementor-animated-content\" href=\"https:\/\/cybelevarela.com\/wp-content\/uploads\/2024\/12\/1990-46.jpg\" data-elementor-open-lightbox=\"yes\" data-elementor-lightbox-slideshow=\"1bc090f\" data-elementor-lightbox-title=\"Banco no Jardim (1990)\" data-e-action-hash=\"#elementor-action%3Aaction%3Dlightbox%26settings%3DeyJpZCI6NTU1LCJ1cmwiOiJodHRwczpcL1wvY3liZWxldmFyZWxhLmNvbVwvd3AtY29udGVudFwvdXBsb2Fkc1wvMjAyNFwvMTJcLzE5OTAtNDYuanBnIiwic2xpZGVzaG93IjoiMWJjMDkwZiJ9\">\n\t\t\t\t\t<div class=\"e-gallery-image elementor-gallery-item__image\" data-thumbnail=\"https:\/\/cybelevarela.com\/wp-content\/uploads\/2024\/12\/1990-46.jpg\" data-width=\"804\" data-height=\"650\" aria-label=\"Banco no Jardim (1990)\" role=\"img\" ><\/div>\n\t\t\t\t\t\t\t\t\t\t\t<div class=\"elementor-gallery-item__overlay\"><\/div>\n\t\t\t\t\t\t\t\t\t\t\t\t\t\t\t<div class=\"elementor-gallery-item__content\">\n\t\t\t\t\t\t\t\t\t\t\t\t\t\t<div class=\"elementor-gallery-item__title\">\n\t\t\t\t\t\t\t\t\t\t\t\t\t\t\t\t\t\tBanco no Jardim (1990)\t\t\t\t\t\t\t\t<\/div>\n\t\t\t\t\t\t\t\t\t\t\t\t\t\t\t<div class=\"elementor-gallery-item__description\">\n\t\t\t\t\t\t\t\t\t\t\t\t\t\t\t\t\t\toil on canvas cm 81x100\t\t\t\t\t\t\t\t<\/div>\n\t\t\t\t\t\t\t\t\t\t\t\t<\/div>\n\t\t\t\t\t\t\t\t\t<\/a>\n\t\t\t\t\t\t\t<a class=\"e-gallery-item elementor-gallery-item elementor-animated-content\" href=\"https:\/\/cybelevarela.com\/wp-content\/uploads\/2024\/12\/1990-03.jpg\" data-elementor-open-lightbox=\"yes\" data-elementor-lightbox-slideshow=\"1bc090f\" data-elementor-lightbox-title=\"Caminho do Jardim (1990)\" data-e-action-hash=\"#elementor-action%3Aaction%3Dlightbox%26settings%3DeyJpZCI6NTU2LCJ1cmwiOiJodHRwczpcL1wvY3liZWxldmFyZWxhLmNvbVwvd3AtY29udGVudFwvdXBsb2Fkc1wvMjAyNFwvMTJcLzE5OTAtMDMuanBnIiwic2xpZGVzaG93IjoiMWJjMDkwZiJ9\">\n\t\t\t\t\t<div class=\"e-gallery-image elementor-gallery-item__image\" data-thumbnail=\"https:\/\/cybelevarela.com\/wp-content\/uploads\/2024\/12\/1990-03.jpg\" data-width=\"671\" data-height=\"550\" aria-label=\"Caminho do Jardim (1990)\" role=\"img\" ><\/div>\n\t\t\t\t\t\t\t\t\t\t\t<div class=\"elementor-gallery-item__overlay\"><\/div>\n\t\t\t\t\t\t\t\t\t\t\t\t\t\t\t<div class=\"elementor-gallery-item__content\">\n\t\t\t\t\t\t\t\t\t\t\t\t\t\t<div class=\"elementor-gallery-item__title\">\n\t\t\t\t\t\t\t\t\t\t\t\t\t\t\t\t\t\tCaminho do Jardim (1990)\t\t\t\t\t\t\t\t<\/div>\n\t\t\t\t\t\t\t\t\t\t\t\t\t\t\t<div class=\"elementor-gallery-item__description\">\n\t\t\t\t\t\t\t\t\t\t\t\t\t\t\t\t\t\toil on canvas cm 81x100\t\t\t\t\t\t\t\t<\/div>\n\t\t\t\t\t\t\t\t\t\t\t\t<\/div>\n\t\t\t\t\t\t\t\t\t<\/a>\n\t\t\t\t\t\t\t<a class=\"e-gallery-item elementor-gallery-item elementor-animated-content\" href=\"https:\/\/cybelevarela.com\/wp-content\/uploads\/2024\/12\/1990-48.jpg\" data-elementor-open-lightbox=\"yes\" data-elementor-lightbox-slideshow=\"1bc090f\" data-elementor-lightbox-title=\"Entre \u00c1rvores (1990)\" data-e-action-hash=\"#elementor-action%3Aaction%3Dlightbox%26settings%3DeyJpZCI6NTU3LCJ1cmwiOiJodHRwczpcL1wvY3liZWxldmFyZWxhLmNvbVwvd3AtY29udGVudFwvdXBsb2Fkc1wvMjAyNFwvMTJcLzE5OTAtNDguanBnIiwic2xpZGVzaG93IjoiMWJjMDkwZiJ9\">\n\t\t\t\t\t<div class=\"e-gallery-image elementor-gallery-item__image\" data-thumbnail=\"https:\/\/cybelevarela.com\/wp-content\/uploads\/2024\/12\/1990-48.jpg\" data-width=\"803\" data-height=\"650\" aria-label=\"Entre \u00c1rvores (1990)\" role=\"img\" ><\/div>\n\t\t\t\t\t\t\t\t\t\t\t<div class=\"elementor-gallery-item__overlay\"><\/div>\n\t\t\t\t\t\t\t\t\t\t\t\t\t\t\t<div class=\"elementor-gallery-item__content\">\n\t\t\t\t\t\t\t\t\t\t\t\t\t\t<div class=\"elementor-gallery-item__title\">\n\t\t\t\t\t\t\t\t\t\t\t\t\t\t\t\t\t\tEntre \u00c1rvores (1990)\t\t\t\t\t\t\t\t<\/div>\n\t\t\t\t\t\t\t\t\t\t\t\t\t\t\t<div class=\"elementor-gallery-item__description\">\n\t\t\t\t\t\t\t\t\t\t\t\t\t\t\t\t\t\toil on canvas cm 81x100\t\t\t\t\t\t\t\t<\/div>\n\t\t\t\t\t\t\t\t\t\t\t\t<\/div>\n\t\t\t\t\t\t\t\t\t<\/a>\n\t\t\t\t\t\t\t<a class=\"e-gallery-item elementor-gallery-item elementor-animated-content\" href=\"https:\/\/cybelevarela.com\/wp-content\/uploads\/2024\/12\/1990-51.jpg\" data-elementor-open-lightbox=\"yes\" data-elementor-lightbox-slideshow=\"1bc090f\" data-elementor-lightbox-title=\"Banco no Jardim (1990)\" data-e-action-hash=\"#elementor-action%3Aaction%3Dlightbox%26settings%3DeyJpZCI6NTU4LCJ1cmwiOiJodHRwczpcL1wvY3liZWxldmFyZWxhLmNvbVwvd3AtY29udGVudFwvdXBsb2Fkc1wvMjAyNFwvMTJcLzE5OTAtNTEuanBnIiwic2xpZGVzaG93IjoiMWJjMDkwZiJ9\">\n\t\t\t\t\t<div class=\"e-gallery-image elementor-gallery-item__image\" data-thumbnail=\"https:\/\/cybelevarela.com\/wp-content\/uploads\/2024\/12\/1990-51.jpg\" data-width=\"866\" data-height=\"700\" aria-label=\"Banco no Jardim (1990)\" role=\"img\" ><\/div>\n\t\t\t\t\t\t\t\t\t\t\t<div class=\"elementor-gallery-item__overlay\"><\/div>\n\t\t\t\t\t\t\t\t\t\t\t\t\t\t\t<div class=\"elementor-gallery-item__content\">\n\t\t\t\t\t\t\t\t\t\t\t\t\t\t<div class=\"elementor-gallery-item__title\">\n\t\t\t\t\t\t\t\t\t\t\t\t\t\t\t\t\t\tBanco no Jardim (1990)\t\t\t\t\t\t\t\t<\/div>\n\t\t\t\t\t\t\t\t\t\t\t\t\t\t\t<div class=\"elementor-gallery-item__description\">\n\t\t\t\t\t\t\t\t\t\t\t\t\t\t\t\t\t\toil on canvas cm 81x100\t\t\t\t\t\t\t\t<\/div>\n\t\t\t\t\t\t\t\t\t\t\t\t<\/div>\n\t\t\t\t\t\t\t\t\t<\/a>\n\t\t\t\t\t\t\t<a class=\"e-gallery-item elementor-gallery-item elementor-animated-content\" href=\"https:\/\/cybelevarela.com\/wp-content\/uploads\/2024\/12\/1990-01.jpg\" data-elementor-open-lightbox=\"yes\" data-elementor-lightbox-slideshow=\"1bc090f\" data-elementor-lightbox-title=\"Paisagem Imperial (1990)\" data-e-action-hash=\"#elementor-action%3Aaction%3Dlightbox%26settings%3DeyJpZCI6NTU5LCJ1cmwiOiJodHRwczpcL1wvY3liZWxldmFyZWxhLmNvbVwvd3AtY29udGVudFwvdXBsb2Fkc1wvMjAyNFwvMTJcLzE5OTAtMDEuanBnIiwic2xpZGVzaG93IjoiMWJjMDkwZiJ9\">\n\t\t\t\t\t<div class=\"e-gallery-image elementor-gallery-item__image\" data-thumbnail=\"https:\/\/cybelevarela.com\/wp-content\/uploads\/2024\/12\/1990-01.jpg\" data-width=\"750\" data-height=\"550\" aria-label=\"Paisagem Imperial (1990)\" role=\"img\" ><\/div>\n\t\t\t\t\t\t\t\t\t\t\t<div class=\"elementor-gallery-item__overlay\"><\/div>\n\t\t\t\t\t\t\t\t\t\t\t\t\t\t\t<div class=\"elementor-gallery-item__content\">\n\t\t\t\t\t\t\t\t\t\t\t\t\t\t<div class=\"elementor-gallery-item__title\">\n\t\t\t\t\t\t\t\t\t\t\t\t\t\t\t\t\t\tPaisagem Imperial (1990)\t\t\t\t\t\t\t\t<\/div>\n\t\t\t\t\t\t\t\t\t\t\t\t\t\t\t<div class=\"elementor-gallery-item__description\">\n\t\t\t\t\t\t\t\t\t\t\t\t\t\t\t\t\t\toil on canvas cm 81x100\t\t\t\t\t\t\t\t<\/div>\n\t\t\t\t\t\t\t\t\t\t\t\t<\/div>\n\t\t\t\t\t\t\t\t\t<\/a>\n\t\t\t\t\t\t\t<a class=\"e-gallery-item elementor-gallery-item elementor-animated-content\" href=\"https:\/\/cybelevarela.com\/wp-content\/uploads\/2024\/12\/1990-04.jpg\" data-elementor-open-lightbox=\"yes\" data-elementor-lightbox-slideshow=\"1bc090f\" data-elementor-lightbox-title=\"Fonte nos Jardins (1990)\" data-e-action-hash=\"#elementor-action%3Aaction%3Dlightbox%26settings%3DeyJpZCI6NTYwLCJ1cmwiOiJodHRwczpcL1wvY3liZWxldmFyZWxhLmNvbVwvd3AtY29udGVudFwvdXBsb2Fkc1wvMjAyNFwvMTJcLzE5OTAtMDQuanBnIiwic2xpZGVzaG93IjoiMWJjMDkwZiJ9\">\n\t\t\t\t\t<div class=\"e-gallery-image elementor-gallery-item__image\" data-thumbnail=\"https:\/\/cybelevarela.com\/wp-content\/uploads\/2024\/12\/1990-04.jpg\" data-width=\"671\" data-height=\"550\" aria-label=\"Fonte nos Jardins (1990)\" role=\"img\" ><\/div>\n\t\t\t\t\t\t\t\t\t\t\t<div class=\"elementor-gallery-item__overlay\"><\/div>\n\t\t\t\t\t\t\t\t\t\t\t\t\t\t\t<div class=\"elementor-gallery-item__content\">\n\t\t\t\t\t\t\t\t\t\t\t\t\t\t<div class=\"elementor-gallery-item__title\">\n\t\t\t\t\t\t\t\t\t\t\t\t\t\t\t\t\t\tFonte nos Jardins (1990)\t\t\t\t\t\t\t\t<\/div>\n\t\t\t\t\t\t\t\t\t\t\t\t\t\t\t<div class=\"elementor-gallery-item__description\">\n\t\t\t\t\t\t\t\t\t\t\t\t\t\t\t\t\t\toil on canvas cm 81x100\t\t\t\t\t\t\t\t<\/div>\n\t\t\t\t\t\t\t\t\t\t\t\t<\/div>\n\t\t\t\t\t\t\t\t\t<\/a>\n\t\t\t\t\t<\/div>\n\t\t\t\t\t<\/div>\n\t\t\t\t\t<\/div>\n\t\t<\/div>\n\t\t\t\t\t<\/div>\n\t\t<\/section>\n\t\t\t\t<\/div>\n\t\t","protected":false},"excerpt":{"rendered":"<p>FOTOS DE PINTURAS D\u00c9CADA DE 1990 ERA UMA VEZ Uma fase cujos motivos eram proje\u00e7\u00f5es pertencentes a um passado, \u00e0s vezes distante e voltado para a inf\u00e2ncia, ao mesmo tempo em que questionava de forma l\u00fadica a posi\u00e7\u00e3o da mulher como artista. PINTURAS The Artist 2, 1999 acrylic and industrial paint on canvas cm 292&#215;114 [&hellip;]<\/p>\n","protected":false},"author":1,"featured_media":0,"parent":0,"menu_order":0,"comment_status":"closed","ping_status":"closed","template":"elementor_header_footer","meta":{"footnotes":""},"class_list":["post-621","page","type-page","status-publish","hentry"],"_links":{"self":[{"href":"https:\/\/cybelevarela.com\/pt-br\/wp-json\/wp\/v2\/pages\/621","targetHints":{"allow":["GET"]}}],"collection":[{"href":"https:\/\/cybelevarela.com\/pt-br\/wp-json\/wp\/v2\/pages"}],"about":[{"href":"https:\/\/cybelevarela.com\/pt-br\/wp-json\/wp\/v2\/types\/page"}],"author":[{"embeddable":true,"href":"https:\/\/cybelevarela.com\/pt-br\/wp-json\/wp\/v2\/users\/1"}],"replies":[{"embeddable":true,"href":"https:\/\/cybelevarela.com\/pt-br\/wp-json\/wp\/v2\/comments?post=621"}],"version-history":[{"count":13,"href":"https:\/\/cybelevarela.com\/pt-br\/wp-json\/wp\/v2\/pages\/621\/revisions"}],"predecessor-version":[{"id":995,"href":"https:\/\/cybelevarela.com\/pt-br\/wp-json\/wp\/v2\/pages\/621\/revisions\/995"}],"wp:attachment":[{"href":"https:\/\/cybelevarela.com\/pt-br\/wp-json\/wp\/v2\/media?parent=621"}],"curies":[{"name":"wp","href":"https:\/\/api.w.org\/{rel}","templated":true}]}}